{"id":3817,"date":"2021-04-01T17:01:46","date_gmt":"2021-04-01T15:01:46","guid":{"rendered":"http:\/\/www.sv-lengede.de\/svl\/?page_id=3817"},"modified":"2021-05-09T20:32:30","modified_gmt":"2021-05-09T18:32:30","slug":"senioren","status":"publish","type":"page","link":"https:\/\/www.sv-lengede.de\/svl\/senioren\/","title":{"rendered":"Senioren"},"content":{"rendered":"\t\t<div data-elementor-type=\"wp-page\" data-elementor-id=\"3817\" class=\"elementor elementor-3817\">\n\t\t\t\t\t\t<section class=\"elementor-section elementor-top-section elementor-element elementor-element-6a8f719 elementor-section-boxed elementor-section-height-default elementor-section-height-default\" data-id=\"6a8f719\" data-element_type=\"section\" data-e-type=\"section\">\n\t\t\t\t\t\t<div class=\"elementor-container elementor-column-gap-default\">\n\t\t\t\t\t<div class=\"elementor-column elementor-col-100 elementor-top-column elementor-element elementor-element-04c317e\" data-id=\"04c317e\" data-element_type=\"column\" data-e-type=\"column\">\n\t\t\t<div class=\"elementor-widget-wrap elementor-element-populated\">\n\t\t\t\t\t\t<div class=\"elementor-element elementor-element-3de2c96 elementor-widget elementor-widget-wp-widget-srpw_widget\" data-id=\"3de2c96\" data-element_type=\"widget\" data-e-type=\"widget\" data-widget_type=\"wp-widget-srpw_widget.default\">\n\t\t\t\t<div class=\"elementor-widget-container\">\n\t\t\t\t\t&lt;h2&gt;&lt;u&gt;Aktuelles&lt;\/h2&gt;&lt;\/u&gt;<div class=\"srpw-block srpw-classic-style \"><style>.srpw-thumbnail{\r\nwidth: 60px;\r\nheight: 60px;\r\n}<\/style><ul class=\"srpw-ul\"><li class=\"srpw-li srpw-clearfix\"><a class=\"srpw-img srpw-alignleft\" href=\"https:\/\/www.sv-lengede.de\/svl\/platzbelegung-sommer-2023\/\" target=\"_self\"><img decoding=\"async\" width=\"64\" height=\"74\" src=\"https:\/\/www.sv-lengede.de\/svl\/wp-content\/uploads\/2014\/12\/fussball-feature.png\" class=\" srpw-thumbnail wp-post-image\" alt=\"Platzbelegung &#8211; Sommer 2023\" \/><\/a><div class=\"srpw-content\"><a class=\"srpw-title\" href=\"https:\/\/www.sv-lengede.de\/svl\/platzbelegung-sommer-2023\/\" target=\"_self\">Platzbelegung &#8211; Sommer 2023<\/a><div class=\"srpw-meta\"><time class=\"srpw-time published\" datetime=\"2023-08-15T21:42:55+02:00\">15. August 2023<\/time><\/div><div class=\"srpw-summary\"><p>Hier findet ihr den aktuellen Belegungsplan f\u00fcr den Sommer 2023.<\/p><a href=\"https:\/\/www.sv-lengede.de\/svl\/platzbelegung-sommer-2023\/\" class=\"srpw-more-link\" target=\"_self\">Weiterlesen<\/a><\/div><\/div><\/li><li class=\"srpw-li srpw-clearfix\"><a class=\"srpw-img srpw-alignleft\" href=\"https:\/\/www.sv-lengede.de\/svl\/fussball-ue40-siegt-beim-vgh-cup-in-gross-lafferde\/\" target=\"_self\"><img decoding=\"async\" width=\"64\" height=\"74\" src=\"https:\/\/www.sv-lengede.de\/svl\/wp-content\/uploads\/2014\/12\/fussball-feature.png\" class=\" srpw-thumbnail wp-post-image\" alt=\"Fu\u00dfball: \u00dc40 siegt beim VGH Cup in Gro\u00df Lafferde\" \/><\/a><div class=\"srpw-content\"><a class=\"srpw-title\" href=\"https:\/\/www.sv-lengede.de\/svl\/fussball-ue40-siegt-beim-vgh-cup-in-gross-lafferde\/\" target=\"_self\">Fu\u00dfball: \u00dc40 siegt beim VGH Cup in Gro\u00df Lafferde<\/a><div class=\"srpw-meta\"><time class=\"srpw-time published\" datetime=\"2020-01-07T10:53:21+01:00\">7. Januar 2020<\/time><\/div><div class=\"srpw-summary\"><p>Die Ergbenisse:Teutonia Gro\u00df Lafferde &#8211; SV Lengede 0:7Wedtlenstedt\/Bortfeld &#8211; SV&hellip;<\/p><a href=\"https:\/\/www.sv-lengede.de\/svl\/fussball-ue40-siegt-beim-vgh-cup-in-gross-lafferde\/\" class=\"srpw-more-link\" target=\"_self\">Weiterlesen<\/a><\/div><\/div><\/li><li class=\"srpw-li srpw-clearfix\"><a class=\"srpw-img srpw-alignleft\" href=\"https:\/\/www.sv-lengede.de\/svl\/krombacher-ue-40-hallenmeisterschaft-des-nfv-am-samstag-24-februar-in-winsen-luhe-der-svl-ist-dabei\/\" target=\"_self\"><img decoding=\"async\" width=\"64\" height=\"74\" src=\"https:\/\/www.sv-lengede.de\/svl\/wp-content\/uploads\/2014\/12\/fussball-feature.png\" class=\" srpw-thumbnail wp-post-image\" alt=\"Krombacher \u00dc 40-Hallenmeisterschaft des NFV am Samstag 24. Februar in Winsen\/Luhe: Der SVL ist dabei\" \/><\/a><div class=\"srpw-content\"><a class=\"srpw-title\" href=\"https:\/\/www.sv-lengede.de\/svl\/krombacher-ue-40-hallenmeisterschaft-des-nfv-am-samstag-24-februar-in-winsen-luhe-der-svl-ist-dabei\/\" target=\"_self\">Krombacher \u00dc 40-Hallenmeisterschaft des NFV am Samstag 24. Februar in Winsen\/Luhe: Der SVL ist dabei<\/a><div class=\"srpw-meta\"><time class=\"srpw-time published\" datetime=\"2018-02-22T13:09:36+01:00\">22. Februar 2018<\/time><\/div><div class=\"srpw-summary\"><p>Krombacher \u00dc 40-Hallenmeisterschaft des NFV am Samstag in Winsen\/Luhe Winsen\/Luhe&hellip;<\/p><a href=\"https:\/\/www.sv-lengede.de\/svl\/krombacher-ue-40-hallenmeisterschaft-des-nfv-am-samstag-24-februar-in-winsen-luhe-der-svl-ist-dabei\/\" class=\"srpw-more-link\" target=\"_self\">Weiterlesen<\/a><\/div><\/div><\/li><li class=\"srpw-li srpw-clearfix\"><a class=\"srpw-img srpw-alignleft\" href=\"https:\/\/www.sv-lengede.de\/svl\/fussball-einladung-zum-vereinsinternen-turnier\/\" target=\"_self\"><img loading=\"lazy\" decoding=\"async\" width=\"64\" height=\"74\" src=\"https:\/\/www.sv-lengede.de\/svl\/wp-content\/uploads\/2014\/12\/fussball-feature.png\" class=\" srpw-thumbnail wp-post-image\" alt=\"Fu\u00dfball: Einladung zum vereinsinternen Turnier\" \/><\/a><div class=\"srpw-content\"><a class=\"srpw-title\" href=\"https:\/\/www.sv-lengede.de\/svl\/fussball-einladung-zum-vereinsinternen-turnier\/\" target=\"_self\">Fu\u00dfball: Einladung zum vereinsinternen Turnier<\/a><div class=\"srpw-meta\"><time class=\"srpw-time published\" datetime=\"2017-06-30T09:38:28+02:00\">30. Juni 2017<\/time><\/div><div class=\"srpw-summary\"><p>Ein Klick auf das Bild \u00f6ffnet das Original-Dokument im PDF-Format<\/p><a href=\"https:\/\/www.sv-lengede.de\/svl\/fussball-einladung-zum-vereinsinternen-turnier\/\" class=\"srpw-more-link\" target=\"_self\">Weiterlesen<\/a><\/div><\/div><\/li><li class=\"srpw-li srpw-clearfix\"><a class=\"srpw-img srpw-alignleft\" href=\"https:\/\/www.sv-lengede.de\/svl\/fussball-ue40-wird-10-bei-der-13-ue40-niedersachsenmeisterschaft\/\" target=\"_self\"><img loading=\"lazy\" decoding=\"async\" width=\"64\" height=\"74\" src=\"https:\/\/www.sv-lengede.de\/svl\/wp-content\/uploads\/2014\/12\/fussball-feature.png\" class=\" srpw-thumbnail wp-post-image\" alt=\"Fussball: \u00dc40 wird 10. bei der 13. \u00dc40 Niedersachsenmeisterschaft\" \/><\/a><div class=\"srpw-content\"><a class=\"srpw-title\" href=\"https:\/\/www.sv-lengede.de\/svl\/fussball-ue40-wird-10-bei-der-13-ue40-niedersachsenmeisterschaft\/\" target=\"_self\">Fussball: \u00dc40 wird 10. bei der 13. \u00dc40 Niedersachsenmeisterschaft<\/a><div class=\"srpw-meta\"><time class=\"srpw-time published\" datetime=\"2017-05-15T09:54:40+02:00\">15. Mai 2017<\/time><\/div><div class=\"srpw-summary\"><p>Bei der 13. \u00dc40 Niedersachsenmeisterschaft belegte die Mannschaft von Trainer&hellip;<\/p><a href=\"https:\/\/www.sv-lengede.de\/svl\/fussball-ue40-wird-10-bei-der-13-ue40-niedersachsenmeisterschaft\/\" class=\"srpw-more-link\" target=\"_self\">Weiterlesen<\/a><\/div><\/div><\/li><\/ul><\/div><!-- Generated by http:\/\/wordpress.org\/plugins\/smart-recent-posts-widget\/ -->\t\t\t\t<\/div>\n\t\t\t\t<\/div>\n\t\t\t\t\t<\/div>\n\t\t<\/div>\n\t\t\t\t\t<\/div>\n\t\t<\/section>\n\t\t\t\t<\/div>\n\t\t","protected":false},"excerpt":{"rendered":"","protected":false},"author":1,"featured_media":0,"parent":0,"menu_order":0,"comment_status":"closed","ping_status":"closed","template":"","meta":{"footnotes":""},"class_list":["post-3817","page","type-page","status-publish","hentry"],"rttpg_featured_image_url":null,"rttpg_author":{"display_name":"svladmin","author_link":"https:\/\/www.sv-lengede.de\/svl\/author\/svladmin\/"},"rttpg_comment":0,"rttpg_category":"","rttpg_excerpt":null,"_links":{"self":[{"href":"https:\/\/www.sv-lengede.de\/svl\/wp-json\/wp\/v2\/pages\/3817","targetHints":{"allow":["GET"]}}],"collection":[{"href":"https:\/\/www.sv-lengede.de\/svl\/wp-json\/wp\/v2\/pages"}],"about":[{"href":"https:\/\/www.sv-lengede.de\/svl\/wp-json\/wp\/v2\/types\/page"}],"author":[{"embeddable":true,"href":"https:\/\/www.sv-lengede.de\/svl\/wp-json\/wp\/v2\/users\/1"}],"replies":[{"embeddable":true,"href":"https:\/\/www.sv-lengede.de\/svl\/wp-json\/wp\/v2\/comments?post=3817"}],"version-history":[{"count":4,"href":"https:\/\/www.sv-lengede.de\/svl\/wp-json\/wp\/v2\/pages\/3817\/revisions"}],"predecessor-version":[{"id":4550,"href":"https:\/\/www.sv-lengede.de\/svl\/wp-json\/wp\/v2\/pages\/3817\/revisions\/4550"}],"wp:attachment":[{"href":"https:\/\/www.sv-lengede.de\/svl\/wp-json\/wp\/v2\/media?parent=3817"}],"curies":[{"name":"wp","href":"https:\/\/api.w.org\/{rel}","templated":true}]}}